{"id":149,"date":"2021-12-30T10:37:31","date_gmt":"2021-12-30T10:37:31","guid":{"rendered":"https:\/\/gerichtsmuseum.com\/?page_id=149"},"modified":"2025-06-30T13:23:24","modified_gmt":"2025-06-30T13:23:24","slug":"historische-gerichtsstaetten","status":"publish","type":"page","link":"https:\/\/gerichtsmuseum.com\/?page_id=149","title":{"rendered":"Historische Gerichtsst\u00e4tten"},"content":{"rendered":"\n<p class=\"has-medium-font-size\">Mehrere Gerichtsst\u00e4tten versetzen in die Lage von Angeklagten verschiedener Jahrhunderte: Ein <strong>Preu\u00dfisches Gericht um 1800<\/strong> mit erh\u00f6htem Richterplatz und Schwurkreuzen.<\/p>\n\n\n\n<figure class=\"wp-block-image size-full\"><a href=\"https:\/\/gerichtsmuseum.com\/wp-content\/uploads\/2024\/01\/preussische_gerichtsbarkeit1.jpg\"><img loading=\"lazy\" decoding=\"async\" width=\"1024\" height=\"721\" src=\"https:\/\/gerichtsmuseum.com\/wp-content\/uploads\/2024\/01\/preussische_gerichtsbarkeit1.jpg\" alt=\"\" class=\"wp-image-843\" srcset=\"https:\/\/gerichtsmuseum.com\/wp-content\/uploads\/2024\/01\/preussische_gerichtsbarkeit1.jpg 1024w, https:\/\/gerichtsmuseum.com\/wp-content\/uploads\/2024\/01\/preussische_gerichtsbarkeit1-300x211.jpg 300w, https:\/\/gerichtsmuseum.com\/wp-content\/uploads\/2024\/01\/preussische_gerichtsbarkeit1-768x541.jpg 768w\" sizes=\"auto, (max-width: 1024px) 100vw, 1024px\" \/><\/a><figcaption class=\"wp-element-caption\">Preu\u00dfischer Richterplatz&nbsp;mit Armes\u00fcnderbank (rechts)<\/figcaption><\/figure>\n\n\n\n<div style=\"height:20px\" aria-hidden=\"true\" class=\"wp-block-spacer\"><\/div>\n\n\n\n<p class=\"has-medium-font-size\">Nachstellung eines <strong>Femegerichts <\/strong>im sp\u00e4ten Mittelalter, das auch in Bad Fredeburg au\u00dferhalb des Ortes unter einer Femeline tagte.<\/p>\n\n\n\n<figure class=\"wp-block-image size-full\"><a href=\"https:\/\/gerichtsmuseum.com\/wp-content\/uploads\/2024\/02\/femelinde_nachbau_2024.jpg\"><img loading=\"lazy\" decoding=\"async\" width=\"1400\" height=\"1139\" src=\"https:\/\/gerichtsmuseum.com\/wp-content\/uploads\/2024\/02\/femelinde_nachbau_2024.jpg\" alt=\"\" class=\"wp-image-1014\" srcset=\"https:\/\/gerichtsmuseum.com\/wp-content\/uploads\/2024\/02\/femelinde_nachbau_2024.jpg 1400w, https:\/\/gerichtsmuseum.com\/wp-content\/uploads\/2024\/02\/femelinde_nachbau_2024-300x244.jpg 300w, https:\/\/gerichtsmuseum.com\/wp-content\/uploads\/2024\/02\/femelinde_nachbau_2024-1024x833.jpg 1024w, https:\/\/gerichtsmuseum.com\/wp-content\/uploads\/2024\/02\/femelinde_nachbau_2024-768x625.jpg 768w\" sizes=\"auto, (max-width: 1400px) 100vw, 1400px\" \/><\/a><figcaption class=\"wp-element-caption\">Nachbau einer Femegerichtsst\u00e4tte im Museum<\/figcaption><\/figure>\n\n\n\n<p><\/p>\n\n\n\n<p><\/p>\n\n\n\n<div style=\"height:20px\" aria-hidden=\"true\" class=\"wp-block-spacer\"><\/div>\n\n\n\n<h1 class=\"wp-block-heading has-text-align-center has-large-font-size\"><strong>Femelinde in Bad Fredeburg<\/strong><\/h1>\n\n\n\n<p style=\"font-size:18px\">Die Linde wurde im Jahre 1926 gepflanzt und erinnert an den Fredeburger kurf\u00fcrstlichen Freistuhl in den Jahren 1439 bis 1540. Der Standort liegt zwischen dem Haus &#8220;Gartenstr. 46 und der B 511. <\/p>\n\n\n\n<h2 class=\"wp-block-heading has-white-color has-text-color\" style=\"font-size:18px\"><\/h2>\n\n\n<div class=\"wp-block-image is-style-default\">\n<figure class=\"aligncenter size-large\"><a href=\"https:\/\/gerichtsmuseum.com\/wp-content\/uploads\/2022\/01\/femelinde_2020_2.jpg\"><img loading=\"lazy\" decoding=\"async\" width=\"1024\" height=\"768\" src=\"https:\/\/gerichtsmuseum.com\/wp-content\/uploads\/2022\/01\/femelinde_2020_2-1024x768.jpg\" alt=\"\" class=\"wp-image-443\" srcset=\"https:\/\/gerichtsmuseum.com\/wp-content\/uploads\/2022\/01\/femelinde_2020_2-1024x768.jpg 1024w, https:\/\/gerichtsmuseum.com\/wp-content\/uploads\/2022\/01\/femelinde_2020_2-300x225.jpg 300w, https:\/\/gerichtsmuseum.com\/wp-content\/uploads\/2022\/01\/femelinde_2020_2-768x576.jpg 768w, https:\/\/gerichtsmuseum.com\/wp-content\/uploads\/2022\/01\/femelinde_2020_2.jpg 1070w\" sizes=\"auto, (max-width: 1024px) 100vw, 1024px\" \/><\/a><\/figure>\n<\/div>\n\n\n<p><\/p>\n\n\n<div class=\"wp-block-image is-style-default\">\n<figure class=\"aligncenter size-large\"><a href=\"https:\/\/gerichtsmuseum.com\/wp-content\/uploads\/2022\/01\/femelinde_2020_gedenktafel.jpg\"><img loading=\"lazy\" decoding=\"async\" width=\"768\" height=\"1024\" src=\"https:\/\/gerichtsmuseum.com\/wp-content\/uploads\/2022\/01\/femelinde_2020_gedenktafel-768x1024.jpg\" alt=\"\" class=\"wp-image-444\" srcset=\"https:\/\/gerichtsmuseum.com\/wp-content\/uploads\/2022\/01\/femelinde_2020_gedenktafel-768x1024.jpg 768w, https:\/\/gerichtsmuseum.com\/wp-content\/uploads\/2022\/01\/femelinde_2020_gedenktafel-225x300.jpg 225w, https:\/\/gerichtsmuseum.com\/wp-content\/uploads\/2022\/01\/femelinde_2020_gedenktafel.jpg 1020w\" sizes=\"auto, (max-width: 768px) 100vw, 768px\" \/><\/a><\/figure>\n<\/div>\n\n\n<p><\/p>\n\n\n<div class=\"wp-block-image is-style-default\">\n<figure class=\"aligncenter size-large\"><a href=\"https:\/\/gerichtsmuseum.com\/wp-content\/uploads\/2022\/01\/femelinde_fruehjar_2020_.jpg\"><img loading=\"lazy\" decoding=\"async\" width=\"1015\" height=\"1024\" src=\"https:\/\/gerichtsmuseum.com\/wp-content\/uploads\/2022\/01\/femelinde_fruehjar_2020_-1015x1024.jpg\" alt=\"\" class=\"wp-image-445\" srcset=\"https:\/\/gerichtsmuseum.com\/wp-content\/uploads\/2022\/01\/femelinde_fruehjar_2020_-1015x1024.jpg 1015w, https:\/\/gerichtsmuseum.com\/wp-content\/uploads\/2022\/01\/femelinde_fruehjar_2020_-297x300.jpg 297w, https:\/\/gerichtsmuseum.com\/wp-content\/uploads\/2022\/01\/femelinde_fruehjar_2020_-150x150.jpg 150w, https:\/\/gerichtsmuseum.com\/wp-content\/uploads\/2022\/01\/femelinde_fruehjar_2020_-768x775.jpg 768w, https:\/\/gerichtsmuseum.com\/wp-content\/uploads\/2022\/01\/femelinde_fruehjar_2020_.jpg 1070w\" sizes=\"auto, (max-width: 1015px) 100vw, 1015px\" \/><\/a><\/figure>\n<\/div>\n\n\n<hr class=\"wp-block-separator has-alpha-channel-opacity is-style-wide\"\/>\n\n\n\n<p><\/p>\n\n\n\n<p style=\"font-size:18px\">Hier k\u00f6nnen Sie den Podcast zu Femegerichten in Westfalen h\u00f6ren.<\/p>\n\n\n\n<figure class=\"wp-block-image size-large\"><a href=\"https:\/\/open.spotify.com\/episode\/4yzd2IB9c599Jj06gIOn4z\"><img loading=\"lazy\" decoding=\"async\" width=\"1024\" height=\"283\" src=\"https:\/\/gerichtsmuseum.com\/wp-content\/uploads\/2025\/06\/podcast_femegericht_2025-1-1024x283.jpg\" alt=\"\" class=\"wp-image-1430\" srcset=\"https:\/\/gerichtsmuseum.com\/wp-content\/uploads\/2025\/06\/podcast_femegericht_2025-1-1024x283.jpg 1024w, https:\/\/gerichtsmuseum.com\/wp-content\/uploads\/2025\/06\/podcast_femegericht_2025-1-300x83.jpg 300w, https:\/\/gerichtsmuseum.com\/wp-content\/uploads\/2025\/06\/podcast_femegericht_2025-1-768x212.jpg 768w, https:\/\/gerichtsmuseum.com\/wp-content\/uploads\/2025\/06\/podcast_femegericht_2025-1.jpg 1200w\" sizes=\"auto, (max-width: 1024px) 100vw, 1024px\" \/><\/a><\/figure>\n\n\n\n<p style=\"font-size:18px\"><\/p>\n\n\n\n<hr class=\"wp-block-separator has-alpha-channel-opacity\"\/>\n\n\n\n<p><\/p>\n","protected":false},"excerpt":{"rendered":"<p>Mehrere Gerichtsst\u00e4tten versetzen in die Lage von Angeklagten verschiedener Jahrhunderte: Ein Preu\u00dfisches Gericht um 1800 mit erh\u00f6htem Richterplatz und Schwurkreuzen. Nachstellung eines Femegerichts im sp\u00e4ten Mittelalter, das auch in Bad [&hellip;]<\/p>\n","protected":false},"author":1,"featured_media":0,"parent":47,"menu_order":3,"comment_status":"closed","ping_status":"closed","template":"","meta":{"footnotes":""},"class_list":["post-149","page","type-page","status-publish","czr-hentry"],"_links":{"self":[{"href":"https:\/\/gerichtsmuseum.com\/index.php?rest_route=\/wp\/v2\/pages\/149","targetHints":{"allow":["GET"]}}],"collection":[{"href":"https:\/\/gerichtsmuseum.com\/index.php?rest_route=\/wp\/v2\/pages"}],"about":[{"href":"https:\/\/gerichtsmuseum.com\/index.php?rest_route=\/wp\/v2\/types\/page"}],"author":[{"embeddable":true,"href":"https:\/\/gerichtsmuseum.com\/index.php?rest_route=\/wp\/v2\/users\/1"}],"replies":[{"embeddable":true,"href":"https:\/\/gerichtsmuseum.com\/index.php?rest_route=%2Fwp%2Fv2%2Fcomments&post=149"}],"version-history":[{"count":46,"href":"https:\/\/gerichtsmuseum.com\/index.php?rest_route=\/wp\/v2\/pages\/149\/revisions"}],"predecessor-version":[{"id":1433,"href":"https:\/\/gerichtsmuseum.com\/index.php?rest_route=\/wp\/v2\/pages\/149\/revisions\/1433"}],"up":[{"embeddable":true,"href":"https:\/\/gerichtsmuseum.com\/index.php?rest_route=\/wp\/v2\/pages\/47"}],"wp:attachment":[{"href":"https:\/\/gerichtsmuseum.com\/index.php?rest_route=%2Fwp%2Fv2%2Fmedia&parent=149"}],"curies":[{"name":"wp","href":"https:\/\/api.w.org\/{rel}","templated":true}]}}